{"id":1472,"date":"2018-10-09T06:57:57","date_gmt":"2018-10-09T08:57:57","guid":{"rendered":"http:\/\/www.pirmojigimnazija.lt\/biblioteka\/?page_id=1472"},"modified":"2026-04-22T09:29:00","modified_gmt":"2026-04-22T11:29:00","slug":"atvira-biblioteka","status":"publish","type":"page","link":"https:\/\/www.pirmojigimnazija.lt\/biblioteka\/index.php\/atvira-biblioteka\/","title":{"rendered":"Atvira lentyna"},"content":{"rendered":"<h6><span style=\"color: #993300;\"><em><a style=\"color: #993300;\" href=\"https:\/\/www.pirmojigimnazija.lt\/biblioteka\/index.php\/2025\/11\/05\/5066\/\">Temin\u0117\u00a0 knyg\u0173 paroda <strong>\u201e\u017dingsnis po \u017eingsnio \u012f svajoni\u0173 darb\u0105\u201c<\/strong><\/a><\/em><\/span><\/h6>\n<hr \/>\n<h6><span style=\"color: #993300;\"><a style=\"color: #993300;\" href=\"https:\/\/www.pirmojigimnazija.lt\/biblioteka\/index.php\/2025\/10\/01\/temine-knygu-paroda-daug-kalbu-viena-europa\/\"><strong><em>Temin\u0117\u00a0 paroda &#8211; Daug Kalb\u0173 &#8211; viena Europa<\/em><\/strong><\/a><\/span><\/h6>\n<hr \/>\n<h6><span style=\"color: #993300;\"><a style=\"color: #993300;\" href=\"https:\/\/www.pirmojigimnazija.lt\/biblioteka\/index.php\/2025\/03\/28\/temine-paroda-garbusis-silokarcemos-pilietis\/\"><em><strong>Temin\u0117\u00a0 paroda -Garbusis \u0160ilokar\u010demos pilietis<\/strong><\/em><\/a><\/span><\/h6>\n<hr \/>\n<h6 class=\"entry-title\"><span style=\"color: #993300;\"><a style=\"color: #993300;\" href=\"https:\/\/www.pirmojigimnazija.lt\/biblioteka\/index.php\/2025\/10\/01\/temine-knygu-paroda-daug-kalbu-viena-europa\/\"><em><strong> Temin\u0117 knyg\u0173 paroda- Istorin\u0117 Kovo 11-oji<\/strong><\/em><\/a><\/span><\/h6>\n<hr \/>\n<h6><span style=\"color: #993300;\"><a style=\"color: #993300;\" href=\"https:\/\/www.pirmojigimnazija.lt\/biblioteka\/index.php\/2025\/02\/04\/4833\/\"><strong><em>Temin\u0117\u00a0 paroda skirta meil\u0117s dienai pamin\u0117ti \u2013 Vienintelis dalykas, kurio niekada negauname pakankamai, yra meil\u0117. Ir vienintelis dalykas, kurio niekada pakankamai neduodame, taip pat yra meil\u0117.(Henris Mileris)<\/em><\/strong><\/a><\/span><\/h6>\n<hr \/>\n<h6><span style=\"color: #993300;\"><a style=\"color: #993300;\" href=\"https:\/\/www.pirmojigimnazija.lt\/biblioteka\/index.php\/2024\/01\/26\/temine-paroda-vaikai-patyre-smurta\/\"><em><strong>Temin\u0117 paroda &#8211; Vaikai patyr\u0119 smurt\u0105<\/strong><\/em><\/a><\/span><\/h6>\n<hr \/>\n<h6 class=\"entry-title\"><strong><span style=\"color: #993300;\"><a style=\"color: #993300;\" href=\"https:\/\/www.pirmojigimnazija.lt\/biblioteka\/index.php\/2024\/03\/15\/temine-paroda-i-kantas-vienas-zymiausiu-visu-laiku-mastytoju\/\"><em>Temin\u0117 paroda \u2013 I.Kantas -vienas \u017eymiausi\u0173 vis\u0173 laik\u0173 m\u0105stytoj\u0173<\/em><\/a><\/span><\/strong><\/h6>\n<hr \/>\n<h6><span style=\"color: #993300;\"><a style=\"color: #993300;\" href=\"http:\/\/www.pirmojigimnazija.lt\/biblioteka\/index.php\/2023\/03\/13\/temine-paroda-lietuviu-kalbos-tyrinetojai-ir-ju-darbai\/\"><em><strong>Temin\u0117 paroda &#8211; Lietuvi\u0173 kalbos tyrin\u0117tojai ir j\u0173 darbai<\/strong><\/em><\/a><\/span><\/h6>\n<hr \/>\n<h6><span style=\"color: #993300;\"><em><a style=\"color: #993300;\" href=\"http:\/\/www.pirmojigimnazija.lt\/biblioteka\/index.php\/2023\/03\/27\/temine-paroda-kaip-pazinti-save\/\"><strong>Temin\u0117 paroda &#8211; Kaip pa\u017einti save?<\/strong><\/a><\/em><\/span><\/h6>\n<hr \/>\n<h6><span style=\"color: #993300;\"><em><a style=\"color: #993300;\" href=\"http:\/\/www.pirmojigimnazija.lt\/biblioteka\/index.php\/2023\/02\/06\/temine-paroda-kalbek-tyliai-kai-kalbi-apie-meile\/\"><strong>Temin\u0117 paroda &#8211; Kalb\u0117k tyliai, kai kalbi apie meil\u0119<\/strong><\/a><\/em><\/span><\/h6>\n<hr \/>\n<h6><span style=\"color: #993300;\"><a style=\"color: #993300;\" href=\"http:\/\/www.pirmojigimnazija.lt\/biblioteka\/index.php\/2022\/03\/\"><strong><em>Temin\u0117 paroda &#8211; Skaitymo i\u0161\u0161\u016bkis &#8211; knyga ar filmas?<\/em><\/strong><\/a><\/span><\/h6>\n<hr \/>\n<h6><span style=\"color: #993300;\"><a style=\"color: #993300;\" href=\"http:\/\/www.pirmojigimnazija.lt\/biblioteka\/index.php\/2022\/04\/08\/temine-paroda-baltai\/\"><strong><em>Temin\u0117 knyg\u0173 paroda &#8211; Baltai<\/em><\/strong><\/a><\/span><\/h6>\n<hr \/>\n<h6 class=\"entry-title\"><span style=\"color: #993300;\"><strong><em><a style=\"color: #993300;\" href=\"http:\/\/www.pirmojigimnazija.lt\/biblioteka\/index.php\/2022\/03\/23\/temine-paroda-tarptautine-teatro-diena\/\">Temin\u0117 paroda- Tarptautin\u0117 teatro diena<\/a><\/em><\/strong><\/span><\/h6>\n<hr \/>\n<h6><span style=\"color: #993300;\"><a style=\"color: #993300;\" href=\"http:\/\/www.pirmojigimnazija.lt\/biblioteka\/index.php\/2022\/01\/19\/temine-lentyna-autobiografines-knygos-gyvenimo-patyrimas-tau\/\"><em><strong>Temin\u0117 paroda &#8211; Autobiografin\u0117s knygos &#8211; gyvenimo patyrimas Tau<\/strong><\/em><\/a><\/span><\/h6>\n<hr \/>\n<h6><span style=\"color: #993300;\"><a style=\"color: #993300;\" href=\"http:\/\/www.pirmojigimnazija.lt\/biblioteka\/index.php\/2020\/10\/09\/2301\/\"><em><strong>Temin\u0117 paroda- Spalio 10d. Pasaulin\u0117s psichikos sveikatos diena<\/strong><\/em><\/a><\/span><\/h6>\n<hr \/>\n<h6><span style=\"color: #993300;\"><em><strong><a style=\"color: #993300;\" href=\"http:\/\/www.pirmojigimnazija.lt\/biblioteka\/index.php\/2020\/01\/14\/temine-paroda-geriausia-skaitytoja-guoda-siulo\/\">Temin\u0117 paroda &#8211; Geriausia skaitytoja Guoda rekomenduoja<\/a>\u00a0 \u00a0<\/strong><\/em><\/span><\/h6>\n<hr \/>\n<h6><span style=\"color: #993300;\"><strong><em><a style=\"color: #993300;\" href=\"http:\/\/www.pirmojigimnazija.lt\/biblioteka\/index.php\/2019\/11\/13\/temine-paroda-tolerancijos-svyturys\/\">Temin\u0117 paroda &#8211; Tolerancijos \u0161vyturys<\/a><\/em><\/strong><\/span><\/h6>\n<hr \/>\n<h6><span style=\"color: #993300;\"><a style=\"color: #993300;\" href=\"http:\/\/www.pirmojigimnazija.lt\/biblioteka\/index.php\/2019\/10\/01\/temine-paroda-psichikos-sveikatos-biblioteka\/\"><em><strong>Temin\u0117 paroda &#8211; Psichikos sveikatos biblioteka<\/strong><\/em><\/a><\/span><\/h6>\n<hr \/>\n<h6><span style=\"color: #993300;\"><em><strong><a style=\"color: #993300;\" href=\"http:\/\/www.pirmojigimnazija.lt\/biblioteka\/index.php\/2019\/09\/17\/temine-paroda-gimnazistu-skaitomiausios-laisvalaikio-knygos\/\">Temin\u0117 paroda\u00a0&#8211; Gimnazist\u0173 skaitomiausios laisvalaikio knygos bibliotekoje<\/a><\/strong><\/em><\/span><\/h6>\n<hr \/>\n<h6><span style=\"color: #993300;\"><a style=\"color: #993300;\" href=\"http:\/\/www.pirmojigimnazija.lt\/biblioteka\/index.php\/2019\/05\/28\/temine-paroda-pasiruoskime-egzaminams\/\"><em><strong>Temin\u0117 paroda &#8211; Pasiruo\u0161kime egzaminams<\/strong><\/em><\/a><\/span><\/h6>\n<hr \/>\n<h6><span style=\"color: #993300;\"><a style=\"color: #993300;\" href=\"http:\/\/www.pirmojigimnazija.lt\/biblioteka\/index.php\/2019\/03\/18\/temine-paroda-patycios\/\"><em><strong>Temin\u0117 paroda &#8211; Paty\u010dios\u00a0\u00a0<\/strong><\/em><\/a><\/span><\/h6>\n<hr \/>\n<h6 style=\"text-align: left;\"><span style=\"color: #993300;\"><a style=\"color: #993300;\" href=\"http:\/\/www.pirmojigimnazija.lt\/biblioteka\/index.php\/2019\/02\/11\/temine-paroda-apie-meile-ir-draugyste\/\"><strong><em>Temin\u0117 paroda &#8211;\u00a0 Apie meil\u0119 ir draugyst\u0119<\/em><\/strong><\/a><\/span><\/h6>\n<hr \/>\n<h6><span style=\"color: #993300;\"><strong><a style=\"color: #993300;\" href=\"http:\/\/www.pirmojigimnazija.lt\/biblioteka\/index.php\/2019\/01\/08\/temine-paroda-kompleksai-ismokime-iveikti-savo-baimes\/\"><em>Temin\u0117 paroda &#8211; Kompleksai. I\u0161mokime \u012fveikti savo baimes<\/em><\/a><\/strong><\/span><\/h6>\n<hr \/>\n<h6 style=\"text-align: left;\"><span style=\"color: #993300;\"><a style=\"color: #993300;\" href=\"http:\/\/www.pirmojigimnazija.lt\/biblioteka\/index.php\/2018\/11\/19\/lietuvos-respublikos-kariuomenei-100\/\"><em><strong>Lietuvos Respublikos kariuomenei &#8211; 100<\/strong><\/em><\/a><\/span><\/h6>\n<hr \/>\n<h6 style=\"text-align: left;\"><span style=\"color: #993300;\"><em><strong><a style=\"color: #993300;\" href=\"http:\/\/www.pirmojigimnazija.lt\/biblioteka\/index.php\/2018\/10\/22\/temine-paroda-filosofija-mirtis-amzinieji-klausimai\/\">Filosofija, mirtis, am\u017einieji klausimai<\/a><\/strong><\/em><\/span><\/h6>\n<hr \/>\n<h6 style=\"text-align: left;\"><span style=\"color: #993300;\"><strong><em><a style=\"color: #993300;\" href=\"http:\/\/www.pirmojigimnazija.lt\/biblioteka\/index.php\/2018\/09\/18\/atvira-lentyna-mokslo-ir-ziniu-diena\/\">Mokslo ir \u017eini\u0173 diena<\/a><\/em><\/strong><\/span><\/h6>\n<hr \/>\n<h6 style=\"text-align: left;\"><span style=\"color: #993300;\"><strong><em><a style=\"color: #993300;\" href=\"http:\/\/www.pirmojigimnazija.lt\/biblioteka\/index.php\/2018\/04\/19\/atvira-lentyna-privalomos-perskaityti-literaturos-knygos-anglu-kalba\/\">Privalomos perskaityti literat\u016bros knygos angl\u0173 kalba<\/a><\/em><\/strong><\/span><\/h6>\n<hr \/>\n<h6 style=\"text-align: left;\"><span style=\"color: #993300;\"><strong><em>\u00a0<a style=\"color: #993300;\" href=\"http:\/\/www.pirmojigimnazija.lt\/biblioteka\/index.php\/2018\/02\/12\/simtmecio-lietuva\/\">\u0160imtme\u010dio Lietuva<\/a><\/em><\/strong><\/span><\/h6>\n<hr \/>\n<h6 style=\"text-align: left;\"><span style=\"color: #993300;\"><strong><em><a style=\"color: #993300;\" href=\"http:\/\/www.pirmojigimnazija.lt\/biblioteka\/index.php\/2017\/09\/27\/987\/\">Linksmai pasijuokime skaitydami knyg\u0105<\/a><\/em><\/strong><\/span><\/h6>\n<hr \/>\n<h6 style=\"text-align: left;\"><span style=\"color: #993300;\"><strong><em>Gimnazist\u0173\u00a0<a style=\"color: #993300;\" href=\"http:\/\/www.pirmojigimnazija.lt\/biblioteka\/index.php\/2017\/04\/19\/gimnazistu-skaitomiausios-laisvalaikio-knygos-gimnazijos-bibliotekoj\/\">skaitomiausios laisvalaikio knygos<\/a>\u00a0gimnazijos bibliotekoje<\/em><\/strong><\/span><\/h6>\n<hr \/>\n<h6 style=\"text-align: left;\"><span style=\"color: #993300;\"><strong><em><a style=\"color: #993300;\" href=\"http:\/\/www.pirmojigimnazija.lt\/biblioteka\/index.php\/2017\/01\/30\/lietuvos-istorija-siuolaikiniu-autoriu-romanuose\/\" target=\"_blank\" rel=\"noopener noreferrer\">Lietuvos istorija \u0161iuolaikini\u0173 autori\u0173 romanuose<\/a><\/em><\/strong><\/span><\/h6>\n<hr \/>\n<h6><span style=\"color: #993300;\"><strong><em><a style=\"color: #993300;\" href=\"http:\/\/www.pirmojigimnazija.lt\/biblioteka\/index.php\/2016\/11\/09\/temine-lentyna-jei-nori-tapti-gydytoju\/\" target=\"_blank\" rel=\"noopener noreferrer\">Jei nori tapti mediku<\/a><\/em><\/strong><\/span><\/h6>\n<hr \/>\n<h6 style=\"text-align: left;\"><span style=\"color: #993300;\"><strong><em><a style=\"color: #993300;\" href=\"http:\/\/www.pirmojigimnazija.lt\/biblioteka\/index.php\/2016\/10\/04\/temine-lentyna-fantastine-literatura\/\" target=\"_blank\" rel=\"noopener noreferrer\">Fantastin\u0117 literat\u016bra<\/a><\/em><\/strong><\/span><\/h6>\n<hr \/>\n<h6 style=\"text-align: left;\"><span style=\"color: #993300;\"><strong><em><a style=\"color: #993300;\" href=\"http:\/\/www.pirmojigimnazija.lt\/biblioteka\/index.php\/2016\/05\/23\/temine-lentyna-biblioterapija-paaugliams\/\" target=\"_blank\" rel=\"noopener noreferrer\">\u00a0Biblioterapija\u00a0&#8211; paaugliams<\/a><\/em><\/strong><\/span><\/h6>\n<hr \/>\n<h6 style=\"text-align: left;\"><\/h6>\n","protected":false},"excerpt":{"rendered":"<p>Temin\u0117\u00a0 knyg\u0173 paroda \u201e\u017dingsnis po \u017eingsnio \u012f svajoni\u0173 darb\u0105\u201c Temin\u0117\u00a0 paroda &#8211; Daug Kalb\u0173 &#8211; viena Europa Temin\u0117\u00a0 paroda -Garbusis \u0160ilokar\u010demos pilietis Temin\u0117 knyg\u0173 paroda- Istorin\u0117 Kovo 11-oji Temin\u0117\u00a0 paroda skirta meil\u0117s dienai pamin\u0117ti \u2013 Vienintelis dalykas, kurio niekada negauname<\/p>\n","protected":false},"author":2,"featured_media":0,"parent":0,"menu_order":0,"comment_status":"closed","ping_status":"closed","template":"","meta":{"ngg_post_thumbnail":0,"footnotes":""},"_links":{"self":[{"href":"https:\/\/www.pirmojigimnazija.lt\/biblioteka\/index.php\/wp-json\/wp\/v2\/pages\/1472"}],"collection":[{"href":"https:\/\/www.pirmojigimnazija.lt\/biblioteka\/index.php\/wp-json\/wp\/v2\/pages"}],"about":[{"href":"https:\/\/www.pirmojigimnazija.lt\/biblioteka\/index.php\/wp-json\/wp\/v2\/types\/page"}],"author":[{"embeddable":true,"href":"https:\/\/www.pirmojigimnazija.lt\/biblioteka\/index.php\/wp-json\/wp\/v2\/users\/2"}],"replies":[{"embeddable":true,"href":"https:\/\/www.pirmojigimnazija.lt\/biblioteka\/index.php\/wp-json\/wp\/v2\/comments?post=1472"}],"version-history":[{"count":88,"href":"https:\/\/www.pirmojigimnazija.lt\/biblioteka\/index.php\/wp-json\/wp\/v2\/pages\/1472\/revisions"}],"predecessor-version":[{"id":5113,"href":"https:\/\/www.pirmojigimnazija.lt\/biblioteka\/index.php\/wp-json\/wp\/v2\/pages\/1472\/revisions\/5113"}],"wp:attachment":[{"href":"https:\/\/www.pirmojigimnazija.lt\/biblioteka\/index.php\/wp-json\/wp\/v2\/media?parent=1472"}],"curies":[{"name":"wp","href":"https:\/\/api.w.org\/{rel}","templated":true}]}}