{"id":870,"date":"2017-05-05T07:37:53","date_gmt":"2017-05-05T09:37:53","guid":{"rendered":"http:\/\/www.pirmojigimnazija.lt\/biblioteka\/?page_id=870"},"modified":"2025-03-28T07:39:32","modified_gmt":"2025-03-28T09:39:32","slug":"renginiai","status":"publish","type":"page","link":"http:\/\/www.pirmojigimnazija.lt\/biblioteka\/index.php\/renginiai\/","title":{"rendered":"Renginiai"},"content":{"rendered":"<h2><span style=\"vertical-align: inherit;\"><span style=\"vertical-align: inherit;\"><span style=\"vertical-align: inherit;\"><span style=\"vertical-align: inherit;\">2024 m.<\/span><\/span><\/span><\/span><\/h2>\n<ul>\n<li><strong><em><a href=\"https:\/\/www.pirmojigimnazija.lt\/biblioteka\/index.php\/2024\/05\/07\/konferencija-gyvenu-su-knyga\">Rajonin\u0117 8-12 klasi\u0173 mokini\u0173, mokytoj\u0173 ir bibliotekinink\u0173 literat\u016brin\u0117-k\u016brybin\u0117 konferencija ,,Gyvenu su knyga\u201c, skirta Spaudos atgavimo, kalbos ir knygos dienai pa\u017eym\u0117ti<\/a><\/em><\/strong><\/li>\n<\/ul>\nngg_shortcode_0_placeholder\n<hr>\n<p><a href=\"https:\/\/www.pirmojigimnazija.lt\/biblioteka\/index.php\/2024\/04\/25\/popiete-v-sekspyrui-ir-geriausiu-bibliotekos-skaitytoju-apdovanojimai\/\"><strong><em>Popiet\u0117 V. \u0160ekspyrui ir geriausi\u0173 bibliotekos skaitytoj\u0173 apdovanojimai<\/em><\/strong><\/a><\/p>\nngg_shortcode_1_placeholder\n<hr>\n<ul>\n<li><em><strong><a href=\"https:\/\/www.pirmojigimnazija.lt\/biblioteka\/index.php\/2024\/04\/19\/knygu-skirtuku-konkursas-turek-proto-pats\/\">Knyg\u0173 skirtuk\u0173 konkursas \u201eTur\u0117k dr\u0105sos naudotis savo protu\u201c I. Kantas<\/a><\/strong><\/em><\/li>\n<\/ul>\n<p><a href=\"http:\/\/www.pirmojigimnazija.lt\/biblioteka\/wp-content\/uploads\/2024\/04\/20240424_132153-1.jpg\"><img loading=\"lazy\" decoding=\"async\" class=\"aligncenter wp-image-4384\" src=\"http:\/\/www.pirmojigimnazija.lt\/biblioteka\/wp-content\/uploads\/2024\/04\/20240424_132153-1.jpg\" alt=\"\" width=\"380\" height=\"244\" srcset=\"http:\/\/www.pirmojigimnazija.lt\/biblioteka\/wp-content\/uploads\/2024\/04\/20240424_132153-1.jpg 640w, http:\/\/www.pirmojigimnazija.lt\/biblioteka\/wp-content\/uploads\/2024\/04\/20240424_132153-1-300x193.jpg 300w\" sizes=\"(max-width: 380px) 100vw, 380px\" \/><\/a><\/p>\n<hr>\n<h2><strong><span style=\"vertical-align: inherit;\"><span style=\"vertical-align: inherit;\"><span style=\"vertical-align: inherit;\"><span style=\"vertical-align: inherit;\">2023 m.<\/span><\/span><\/span><\/span><\/strong><\/h2>\n<ul>\n<li><a href=\"https:\/\/www.pirmojigimnazija.lt\/biblioteka\/index.php\/2023\/06\/02\/miniatiuru-konkurso-parodos-musu-vienas-vardas-lietuva-baigiamasis-apdovanojimu-renginys\/\">&nbsp;<em><strong>Respublikinio miniati\u016br\u0173 konkurso- parodos \u201eM\u016bs\u0173 vienas vardas \u2013 Lietuva\u201d&nbsp; baigiamasis apdovanojim\u0173 renginys&nbsp; &nbsp;&nbsp;<\/strong><\/em><\/a><\/li>\n<\/ul>\n<p><a href=\"http:\/\/www.pirmojigimnazija.lt\/biblioteka\/wp-content\/uploads\/2023\/06\/image00067.jpeg\"><img loading=\"lazy\" decoding=\"async\" class=\"alignnone size-medium wp-image-3640 aligncenter\" src=\"http:\/\/www.pirmojigimnazija.lt\/biblioteka\/wp-content\/uploads\/2023\/06\/image00067-300x225.jpeg\" alt=\"\" width=\"300\" height=\"225\" srcset=\"http:\/\/www.pirmojigimnazija.lt\/biblioteka\/wp-content\/uploads\/2023\/06\/image00067-300x225.jpeg 300w, http:\/\/www.pirmojigimnazija.lt\/biblioteka\/wp-content\/uploads\/2023\/06\/image00067-1024x768.jpeg 1024w, http:\/\/www.pirmojigimnazija.lt\/biblioteka\/wp-content\/uploads\/2023\/06\/image00067-768x576.jpeg 768w, http:\/\/www.pirmojigimnazija.lt\/biblioteka\/wp-content\/uploads\/2023\/06\/image00067-1536x1152.jpeg 1536w, http:\/\/www.pirmojigimnazija.lt\/biblioteka\/wp-content\/uploads\/2023\/06\/image00067.jpeg 1920w\" sizes=\"(max-width: 300px) 100vw, 300px\" \/><\/a><\/p>\n<hr>\n<ul>\n<li><a href=\"http:\/\/www.pirmojigimnazija.lt\/biblioteka\/index.php\/2023\/05\/04\/nesvarbu-ka-skaitome-svarbu-kad-skaitant-butu-gera-ir-sviesu\/\"><em><strong>Rajonin\u0117 9-12 klasi\u0173 mokini\u0173 ir mokytoj\u0173 literat\u016brin\u0117-k\u016brybin\u0117 konferencija&#8221; Gyvenu su knyga&#8221; skirta Spaudos atgavimo, kalbos ir knygos dienai &nbsp; &nbsp;<\/strong><\/em><\/a><\/li>\n<\/ul>\n<p><a href=\"http:\/\/www.pirmojigimnazija.lt\/biblioteka\/wp-content\/uploads\/2023\/09\/20230504_121047.jpg\"><img loading=\"lazy\" decoding=\"async\" class=\"size-medium wp-image-3701 aligncenter\" src=\"http:\/\/www.pirmojigimnazija.lt\/biblioteka\/wp-content\/uploads\/2023\/09\/20230504_121047-300x181.jpg\" alt=\"\" width=\"300\" height=\"181\" srcset=\"http:\/\/www.pirmojigimnazija.lt\/biblioteka\/wp-content\/uploads\/2023\/09\/20230504_121047-300x181.jpg 300w, http:\/\/www.pirmojigimnazija.lt\/biblioteka\/wp-content\/uploads\/2023\/09\/20230504_121047-1024x618.jpg 1024w, http:\/\/www.pirmojigimnazija.lt\/biblioteka\/wp-content\/uploads\/2023\/09\/20230504_121047-768x463.jpg 768w, http:\/\/www.pirmojigimnazija.lt\/biblioteka\/wp-content\/uploads\/2023\/09\/20230504_121047-1536x926.jpg 1536w, http:\/\/www.pirmojigimnazija.lt\/biblioteka\/wp-content\/uploads\/2023\/09\/20230504_121047.jpg 1920w\" sizes=\"(max-width: 300px) 100vw, 300px\" \/><\/a><\/p>\n<hr>\n<ul>\n<li><a href=\"http:\/\/www.pirmojigimnazija.lt\/biblioteka\/index.php\/2023\/02\/06\/konkursas-kalbek-tyliai-kai-kalbi-apie-meile\/\"><em><strong>Konkursas&nbsp;<\/strong><\/em><strong><em>\u201eKalb\u0117k tyliai, kai kalbi apie meil\u0119\u201c (V.\u0160ekspyras),&nbsp; <\/em><\/strong><\/a><\/li>\n<\/ul>\n<p><a href=\"http:\/\/www.pirmojigimnazija.lt\/biblioteka\/wp-content\/uploads\/2023\/02\/received_197687289515109.jpeg\"><img loading=\"lazy\" decoding=\"async\" class=\"size-medium wp-image-3474 aligncenter\" src=\"http:\/\/www.pirmojigimnazija.lt\/biblioteka\/wp-content\/uploads\/2023\/02\/received_197687289515109-300x225.jpeg\" alt=\"\" width=\"300\" height=\"225\" srcset=\"http:\/\/www.pirmojigimnazija.lt\/biblioteka\/wp-content\/uploads\/2023\/02\/received_197687289515109-300x225.jpeg 300w, http:\/\/www.pirmojigimnazija.lt\/biblioteka\/wp-content\/uploads\/2023\/02\/received_197687289515109-1024x768.jpeg 1024w, http:\/\/www.pirmojigimnazija.lt\/biblioteka\/wp-content\/uploads\/2023\/02\/received_197687289515109-768x576.jpeg 768w, http:\/\/www.pirmojigimnazija.lt\/biblioteka\/wp-content\/uploads\/2023\/02\/received_197687289515109-1536x1152.jpeg 1536w, http:\/\/www.pirmojigimnazija.lt\/biblioteka\/wp-content\/uploads\/2023\/02\/received_197687289515109.jpeg 2048w\" sizes=\"(max-width: 300px) 100vw, 300px\" \/><\/a><\/p>\n<hr>\n<ul>\n<li><a href=\"https:\/\/www.pirmojigimnazija.lt\/index.php\/102-blog\/781-ivyko-meninio-skaitymo-konkursas-skirtas-v-mykolaiciui-putinui\"><strong><em>Meninio skaitymo konkursas, skirtas V.Mykolai\u010diui- Putinui<\/em><\/strong><\/a><\/li>\n<\/ul>\n<p><a href=\"http:\/\/www.pirmojigimnazija.lt\/biblioteka\/wp-content\/uploads\/2023\/01\/20230118_150040.jpg\"><img loading=\"lazy\" decoding=\"async\" class=\" wp-image-3393 aligncenter\" src=\"http:\/\/www.pirmojigimnazija.lt\/biblioteka\/wp-content\/uploads\/2023\/01\/20230118_150040-300x235.jpg\" alt=\"\" width=\"271\" height=\"212\" srcset=\"http:\/\/www.pirmojigimnazija.lt\/biblioteka\/wp-content\/uploads\/2023\/01\/20230118_150040-300x235.jpg 300w, http:\/\/www.pirmojigimnazija.lt\/biblioteka\/wp-content\/uploads\/2023\/01\/20230118_150040-1024x802.jpg 1024w, http:\/\/www.pirmojigimnazija.lt\/biblioteka\/wp-content\/uploads\/2023\/01\/20230118_150040-768x601.jpg 768w, http:\/\/www.pirmojigimnazija.lt\/biblioteka\/wp-content\/uploads\/2023\/01\/20230118_150040-1536x1202.jpg 1536w, http:\/\/www.pirmojigimnazija.lt\/biblioteka\/wp-content\/uploads\/2023\/01\/20230118_150040.jpg 1920w\" sizes=\"(max-width: 271px) 100vw, 271px\" \/><\/a><\/p>\n<h4 class=\"entry-title\">&nbsp;<\/h4>\n<hr>\n<ul>\n<li><a href=\"http:\/\/www.pirmojigimnazija.lt\/biblioteka\/index.php\/2023\/01\/\"><strong><em>Pamoka &#8221; Kitaip&#8221;<\/em><\/strong><\/a><\/li>\n<\/ul>\n<p><a href=\"http:\/\/www.pirmojigimnazija.lt\/biblioteka\/wp-content\/uploads\/2023\/01\/20230118_083612.jpg\"><img loading=\"lazy\" decoding=\"async\" class=\"wp-image-3405 aligncenter\" src=\"http:\/\/www.pirmojigimnazija.lt\/biblioteka\/wp-content\/uploads\/2023\/01\/20230118_083612-300x216.jpg\" alt=\"\" width=\"233\" height=\"168\" srcset=\"http:\/\/www.pirmojigimnazija.lt\/biblioteka\/wp-content\/uploads\/2023\/01\/20230118_083612-300x216.jpg 300w, http:\/\/www.pirmojigimnazija.lt\/biblioteka\/wp-content\/uploads\/2023\/01\/20230118_083612-1024x739.jpg 1024w, http:\/\/www.pirmojigimnazija.lt\/biblioteka\/wp-content\/uploads\/2023\/01\/20230118_083612-768x554.jpg 768w, http:\/\/www.pirmojigimnazija.lt\/biblioteka\/wp-content\/uploads\/2023\/01\/20230118_083612-1536x1108.jpg 1536w, http:\/\/www.pirmojigimnazija.lt\/biblioteka\/wp-content\/uploads\/2023\/01\/20230118_083612.jpg 1920w\" sizes=\"(max-width: 233px) 100vw, 233px\" \/><\/a><\/p>\n<hr>\n<h2><span style=\"vertical-align: inherit;\"><span style=\"vertical-align: inherit;\"><span style=\"vertical-align: inherit;\"><span style=\"vertical-align: inherit;\">2022 m.<\/span><\/span><\/span><\/span><\/h2>\n<ul>\n<li><a href=\"http:\/\/www.pirmojigimnazija.lt\/index.php\/102-blog\/700-gyvenu-su-knyga-gimnazijoje\"><em><strong>Rajonin\u0117 9-12 klasi\u0173 mokini\u0173 ir mokytoj\u0173 literat\u016brin\u0117-k\u016brybin\u0117 konferencija&#8221; Gyvenu su knyga&#8221; skirta Spaudos atgavimo, kalbos ir knygos dienai<\/strong><\/em><\/a><\/li>\n<\/ul>\n<p><a href=\"http:\/\/www.pirmojigimnazija.lt\/biblioteka\/wp-content\/uploads\/2022\/05\/IMG_8847.jpeg\"><img loading=\"lazy\" decoding=\"async\" class=\"size-medium wp-image-3289 aligncenter\" src=\"http:\/\/www.pirmojigimnazija.lt\/biblioteka\/wp-content\/uploads\/2022\/05\/IMG_8847-300x225.jpeg\" alt=\"\" width=\"300\" height=\"225\" srcset=\"http:\/\/www.pirmojigimnazija.lt\/biblioteka\/wp-content\/uploads\/2022\/05\/IMG_8847-300x225.jpeg 300w, http:\/\/www.pirmojigimnazija.lt\/biblioteka\/wp-content\/uploads\/2022\/05\/IMG_8847-1024x768.jpeg 1024w, http:\/\/www.pirmojigimnazija.lt\/biblioteka\/wp-content\/uploads\/2022\/05\/IMG_8847-768x576.jpeg 768w, http:\/\/www.pirmojigimnazija.lt\/biblioteka\/wp-content\/uploads\/2022\/05\/IMG_8847-1536x1152.jpeg 1536w, http:\/\/www.pirmojigimnazija.lt\/biblioteka\/wp-content\/uploads\/2022\/05\/IMG_8847.jpeg 1920w\" sizes=\"(max-width: 300px) 100vw, 300px\" \/><\/a><\/p>\n<hr>\n<ul>\n<li><em><strong><a href=\"http:\/\/www.pirmojigimnazija.lt\/biblioteka\/index.php\/2022\/03\/07\/poezijos-popiete\/\">Poezijos popiet\u0117 su Teatro P aktoriais<\/a><\/strong><\/em><\/li>\n<\/ul>\n<p><a href=\"http:\/\/www.pirmojigimnazija.lt\/biblioteka\/wp-content\/uploads\/2022\/04\/275391890_4993139847412974_8109677655455497159_n.jpg\"><img loading=\"lazy\" decoding=\"async\" class=\"size-medium wp-image-3176 aligncenter\" src=\"http:\/\/www.pirmojigimnazija.lt\/biblioteka\/wp-content\/uploads\/2022\/04\/275391890_4993139847412974_8109677655455497159_n-300x272.jpg\" alt=\"\" width=\"300\" height=\"272\" srcset=\"http:\/\/www.pirmojigimnazija.lt\/biblioteka\/wp-content\/uploads\/2022\/04\/275391890_4993139847412974_8109677655455497159_n-300x272.jpg 300w, http:\/\/www.pirmojigimnazija.lt\/biblioteka\/wp-content\/uploads\/2022\/04\/275391890_4993139847412974_8109677655455497159_n.jpg 585w\" sizes=\"(max-width: 300px) 100vw, 300px\" \/><\/a><\/p>\n<hr>\n<h2><span style=\"vertical-align: inherit;\"><span style=\"vertical-align: inherit;\"><span style=\"vertical-align: inherit;\"><span style=\"vertical-align: inherit;\">2021 m.<\/span><\/span><\/span><\/span><\/h2>\n<ul>\n<li><strong><em><a href=\"http:\/\/www.pirmojigimnazija.lt\/biblioteka\/index.php\/2021\/05\/20\/karpiniu-konkurso-atkurtai-lietuvai-30-apdovanojimai\/\">Karpini\u0173 konkurso &#8221; Atkurtai Lietuvai -30&#8243; apdovanojimai<\/a><\/em><\/strong><\/li>\n<\/ul>\n<p><a href=\"http:\/\/www.pirmojigimnazija.lt\/biblioteka\/wp-content\/uploads\/2021\/06\/Paveikslelis1.jpg\"><img loading=\"lazy\" decoding=\"async\" class=\"wp-image-2809 aligncenter\" src=\"http:\/\/www.pirmojigimnazija.lt\/biblioteka\/wp-content\/uploads\/2021\/06\/Paveikslelis1-300x133.jpg\" alt=\"\" width=\"402\" height=\"178\" srcset=\"http:\/\/www.pirmojigimnazija.lt\/biblioteka\/wp-content\/uploads\/2021\/06\/Paveikslelis1-300x133.jpg 300w, http:\/\/www.pirmojigimnazija.lt\/biblioteka\/wp-content\/uploads\/2021\/06\/Paveikslelis1.jpg 482w\" sizes=\"(max-width: 402px) 100vw, 402px\" \/><\/a><\/p>\n<hr>\n<h2><span style=\"vertical-align: inherit;\"><span style=\"vertical-align: inherit;\"><span style=\"vertical-align: inherit;\"><span style=\"vertical-align: inherit;\">2020 m.<\/span><\/span><\/span><\/span><\/h2>\n<ul>\n<li><strong><a href=\"http:\/\/www.pirmojigimnazija.lt\/biblioteka\/index.php\/2020\/03\/\"><em>IIa klas\u0117s mokiniai&nbsp; pristato ir rekomenduoja savo perskaitytas knygas \u201eA\u0161 manau, kad \u0161i\u0105 knyg\u0105 verta skaityti, nes\u201c<\/em><\/a><\/strong><\/li>\n<\/ul>\n<p style=\"text-align: center;\"><a href=\"http:\/\/www.pirmojigimnazija.lt\/biblioteka\/wp-content\/uploads\/2016\/03\/Emilija-\u0160eputyt\u0117-COLLAGE.jpg\"><img loading=\"lazy\" decoding=\"async\" class=\"alignnone wp-image-2178\" src=\"http:\/\/www.pirmojigimnazija.lt\/biblioteka\/wp-content\/uploads\/2016\/03\/Emilija-\u0160eputyt\u0117-COLLAGE-300x300.jpg\" alt=\"\" width=\"249\" height=\"249\" srcset=\"http:\/\/www.pirmojigimnazija.lt\/biblioteka\/wp-content\/uploads\/2016\/03\/Emilija-\u0160eputyt\u0117-COLLAGE-300x300.jpg 300w, http:\/\/www.pirmojigimnazija.lt\/biblioteka\/wp-content\/uploads\/2016\/03\/Emilija-\u0160eputyt\u0117-COLLAGE-150x150.jpg 150w, http:\/\/www.pirmojigimnazija.lt\/biblioteka\/wp-content\/uploads\/2016\/03\/Emilija-\u0160eputyt\u0117-COLLAGE-768x768.jpg 768w, http:\/\/www.pirmojigimnazija.lt\/biblioteka\/wp-content\/uploads\/2016\/03\/Emilija-\u0160eputyt\u0117-COLLAGE-1024x1024.jpg 1024w, http:\/\/www.pirmojigimnazija.lt\/biblioteka\/wp-content\/uploads\/2016\/03\/Emilija-\u0160eputyt\u0117-COLLAGE-230x230.jpg 230w, http:\/\/www.pirmojigimnazija.lt\/biblioteka\/wp-content\/uploads\/2016\/03\/Emilija-\u0160eputyt\u0117-COLLAGE-365x365.jpg 365w, http:\/\/www.pirmojigimnazija.lt\/biblioteka\/wp-content\/uploads\/2016\/03\/Emilija-\u0160eputyt\u0117-COLLAGE.jpg 1786w\" sizes=\"(max-width: 249px) 100vw, 249px\" \/><\/a><\/p>\n<hr>\n<ul>\n<li><strong><em><a href=\"http:\/\/www.pirmojigimnazija.lt\/biblioteka\/index.php\/2020\/02\/26\/gimnazistu-isvyka-i-vilniaus-knygu-muge-2020\/\">Vasario 21 d .&nbsp; I\u0161vyka \u012f Vilniaus knyg\u0173 mug\u0119 2020&nbsp;<\/a><\/em><\/strong><\/li>\n<\/ul>\n<p><a href=\"http:\/\/www.pirmojigimnazija.lt\/biblioteka\/wp-content\/uploads\/2021\/02\/IMG_20200225_174556.jpg\"><img loading=\"lazy\" decoding=\"async\" class=\"wp-image-2523 aligncenter\" src=\"http:\/\/www.pirmojigimnazija.lt\/biblioteka\/wp-content\/uploads\/2021\/02\/IMG_20200225_174556-300x216.jpg\" alt=\"\" width=\"236\" height=\"170\" srcset=\"http:\/\/www.pirmojigimnazija.lt\/biblioteka\/wp-content\/uploads\/2021\/02\/IMG_20200225_174556-300x216.jpg 300w, http:\/\/www.pirmojigimnazija.lt\/biblioteka\/wp-content\/uploads\/2021\/02\/IMG_20200225_174556.jpg 640w\" sizes=\"(max-width: 236px) 100vw, 236px\" \/><\/a><\/p>\n<hr>\n<h2><span style=\"vertical-align: inherit;\"><span style=\"vertical-align: inherit;\"><span style=\"vertical-align: inherit;\"><span style=\"vertical-align: inherit;\">2019 m.<\/span><\/span><\/span><\/span><\/h2>\n<ul>\n<li><em><strong><span style=\"vertical-align: inherit;\"><span style=\"vertical-align: inherit;\">30 met\u0173 <\/span><\/span><\/strong><span style=\"vertical-align: inherit;\"><strong><span style=\"vertical-align: inherit;\">draugyst\u0117s tiltui Halepaghen \u2013 School Buxtehude Schilute pirmoji gimnazija<\/span><\/strong><\/span><strong>&nbsp;&nbsp;<\/strong><\/em><\/li>\n<\/ul>\n<p><strong>30 met\u0173&nbsp;&nbsp; draugyst\u0117s tiltui&nbsp;&nbsp; tarp Halepaghen Buxtehude mokyklos ir \u0160ilut\u0117s pirmosios gimnazijos<\/strong><\/p>\n<p><strong><a href=\"http:\/\/www.pirmojigimnazija.lt\/biblioteka\/wp-content\/uploads\/2016\/03\/DSC_0465.jpg\"><img loading=\"lazy\" decoding=\"async\" class=\" wp-image-1878 aligncenter\" src=\"http:\/\/www.pirmojigimnazija.lt\/biblioteka\/wp-content\/uploads\/2016\/03\/DSC_0465-300x136.jpg\" alt=\"\" width=\"406\" height=\"184\" srcset=\"http:\/\/www.pirmojigimnazija.lt\/biblioteka\/wp-content\/uploads\/2016\/03\/DSC_0465-300x136.jpg 300w, http:\/\/www.pirmojigimnazija.lt\/biblioteka\/wp-content\/uploads\/2016\/03\/DSC_0465-768x348.jpg 768w, http:\/\/www.pirmojigimnazija.lt\/biblioteka\/wp-content\/uploads\/2016\/03\/DSC_0465.jpg 800w\" sizes=\"(max-width: 406px) 100vw, 406px\" \/><\/a><\/strong><\/p>\n<hr>\n<h2><span style=\"vertical-align: inherit;\"><span style=\"vertical-align: inherit;\"><span style=\"vertical-align: inherit;\"><span style=\"vertical-align: inherit;\">2018 m.<\/span><\/span><\/span><\/span><\/h2>\n<p><strong><a href=\"http:\/\/www.pirmojigimnazija.lt\/biblioteka\/index.php\/2018\/05\/04\/1279\/\">\u201e&nbsp;<em>Gerasis skaitymo virusas: 100 Praeities ir dabarties klausim\u0173\u201c&nbsp;&nbsp;&nbsp; renginys &#8211; viktorina.<\/em><\/a><\/strong><\/p>\n<hr>\n<h2 class=\"entry-title\" style=\"text-align: left;\"><span style=\"vertical-align: inherit;\"><span style=\"vertical-align: inherit;\"><span style=\"vertical-align: inherit;\"><span style=\"vertical-align: inherit;\">2017 m<\/span><\/span><\/span><\/span><\/h2>\n<p class=\"entry-title\"><strong><em><a href=\"http:\/\/www.pirmojigimnazija.lt\/biblioteka\/index.php\/2017\/04\/21\/skaitymo-konkurso-loterijos-gerasis-skaitymo-virusas-baigiamasis-renginys\/\">Skaitymo konkurso \u2013 loterijos \u201c Gerasis skaitymo virusas\u201c baigiamasis renginys<\/a><\/em><\/strong><\/p>\n<p><strong><a href=\"http:\/\/www.pirmojigimnazija.lt\/biblioteka\/index.php\/2017\/04\/21\/piliakalnis-senas-praeiti-mena\/\"><span class=\"art-postheadericon\"><em>Piliakalnis<\/em><\/span><\/a><em><a href=\"http:\/\/www.pirmojigimnazija.lt\/biblioteka\/index.php\/2017\/04\/21\/piliakalnis-senas-praeiti-mena\/\"><span class=\"art-postheadericon\"> senas mums praeit\u012f<\/span><\/a><a href=\"http:\/\/www.pirmojigimnazija.lt\/biblioteka\/index.php\/2017\/04\/21\/piliakalnis-senas-praeiti-mena\/\"><span class=\"art-postheadericon\"> men<\/span><\/a><a href=\"http:\/\/www.pirmojigimnazija.lt\/biblioteka\/index.php\/2017\/04\/21\/piliakalnis-senas-praeiti-mena\/\"><span class=\"art-postheadericon\">a<\/span><\/a><\/em><\/strong><\/p>\n<p><strong><em><a href=\"http:\/\/www.pirmojigimnazija.lt\/biblioteka\/index.php\/2017\/04\/24\/knygu-skirtuku-konkursas-piliakalniu-legendos\/\">Knyg\u0173 skirtuk\u0173 konkursas \u201c Piliakalni\u0173 legendos\u201c<\/a><\/em><\/strong><\/p>\n<p><strong><a href=\"https:\/\/www.pirmojigimnazija.lt\/biblioteka\/index.php\/2017\/03\/01\/susitikimas-su-igne-zarambaite\/\"><em>Susitikimas su Igne Zarambaite<\/em><\/a><\/strong><\/p>\n<p class=\"entry-title\"><strong><em><a href=\"http:\/\/www.pirmojigimnazija.lt\/biblioteka\/index.php\/2017\/12\/08\/tautinio-kostiumo-metu-paminejimas\/\">Tautinio kostiumo met\u0173 pamin\u0117jimas<\/a><\/em><\/strong><\/p>\n<p class=\"hover\">&nbsp;<\/p>\n","protected":false},"excerpt":{"rendered":"<p>2024 m. Rajonin\u0117 8-12 klasi\u0173 mokini\u0173, mokytoj\u0173 ir bibliotekinink\u0173 literat\u016brin\u0117-k\u016brybin\u0117 konferencija ,,Gyvenu su knyga\u201c, skirta Spaudos atgavimo, kalbos ir knygos dienai pa\u017eym\u0117ti Popiet\u0117 V. \u0160ekspyrui ir geriausi\u0173 bibliotekos skaitytoj\u0173 apdovanojimai &nbsp; Knyg\u0173 skirtuk\u0173 konkursas \u201eTur\u0117k dr\u0105sos naudotis savo protu\u201c I.<\/p>\n","protected":false},"author":1,"featured_media":0,"parent":0,"menu_order":0,"comment_status":"closed","ping_status":"closed","template":"","meta":{"ngg_post_thumbnail":0,"footnotes":""},"_links":{"self":[{"href":"http:\/\/www.pirmojigimnazija.lt\/biblioteka\/index.php\/wp-json\/wp\/v2\/pages\/870"}],"collection":[{"href":"http:\/\/www.pirmojigimnazija.lt\/biblioteka\/index.php\/wp-json\/wp\/v2\/pages"}],"about":[{"href":"http:\/\/www.pirmojigimnazija.lt\/biblioteka\/index.php\/wp-json\/wp\/v2\/types\/page"}],"author":[{"embeddable":true,"href":"http:\/\/www.pirmojigimnazija.lt\/biblioteka\/index.php\/wp-json\/wp\/v2\/users\/1"}],"replies":[{"embeddable":true,"href":"http:\/\/www.pirmojigimnazija.lt\/biblioteka\/index.php\/wp-json\/wp\/v2\/comments?post=870"}],"version-history":[{"count":82,"href":"http:\/\/www.pirmojigimnazija.lt\/biblioteka\/index.php\/wp-json\/wp\/v2\/pages\/870\/revisions"}],"predecessor-version":[{"id":4878,"href":"http:\/\/www.pirmojigimnazija.lt\/biblioteka\/index.php\/wp-json\/wp\/v2\/pages\/870\/revisions\/4878"}],"wp:attachment":[{"href":"http:\/\/www.pirmojigimnazija.lt\/biblioteka\/index.php\/wp-json\/wp\/v2\/media?parent=870"}],"curies":[{"name":"wp","href":"https:\/\/api.w.org\/{rel}","templated":true}]}}